{"version":"1.0","type":"rich","provider_name":"Bouvine et Traditions","provider_url":"http:\/\/www.bouvine.info","title":"Journ\u00e9e Campera \u00e0 la Ganaderia Fr\u00e9d\u00e9rique et Alain TARDIEU\u003Cbr\u003EDimanche 26 avril 2026 - \u003Cu\u003E\u003Cspan style=\"color:#0000FF;\"\u003E2\u00e8me Partie\u003C\/span\u003E\u003C\/u\u003E","author_name":"Salva","width":"600","height":"400","url":"https:\/\/www.bouvine.info\/Journee-Campera-a-la-Ganaderia","html":"\u003Ch4 class='title'\u003E\u003Ca href='https:\/\/www.bouvine.info\/Journee-Campera-a-la-Ganaderia'\u003EJourn\u00e9e Campera \u00e0 la Ganaderia Fr\u00e9d\u00e9rique et Alain TARDIEU\u003Cbr\u003EDimanche 26 avril 2026 - \u003Cu\u003E\u003Cspan style=\"color:#0000FF;\"\u003E2\u00e8me Partie\u003C\/span\u003E\u003C\/u\u003E\u003C\/a\u003E\u003C\/h4\u003E\u003Cblockquote class='spip'\u003E\n\u003Cp\u003EDans cette deuxi\u00e8me partie on trouvera des images de&nbsp;: la tienta Pendant l\u2019ap\u00e9ritif&nbsp;: la tertulia d\u2019apr\u00e8s-tienta le repas ... \n\u003Cbr class='autobr' \/\u003E\n . \n\u003Cbr class='autobr' \/\u003E\n \n\n. \n\u003Cbr class='autobr' \/\u003E\nEl tentadero&nbsp;: \n\u003Cbr class='autobr' \/\u003E\n3 becerras de color casta\u00f1o pour Victor (gilet noir sur les photos) et Bautista Angosto (chemise bleu p\u00e2le) \n\u003Cbr class='autobr' \/\u003E\n. \n\u003Cbr class='autobr' \/\u003E\n \n\n. \n\u003Cbr class='autobr' \/\u003E\nPendant l\u2019ap\u00e9ritif&nbsp;: la tertulia d\u2019apr\u00e8s tienta \n\u003Cbr class='autobr' \/\u003E\n. \n\u003Cbr class='autobr' \/\u003E\n \n\n. \n\u003Cbr class='autobr' \/\u003E\nLe repas et le message du pr\u00e9sident&nbsp;: \n\u003Cbr class='autobr' \/\u003E\n. \n\u003Cbr class='autobr' \/\u003E\n \n\n. \n\u003Cbr class='autobr' \/\u003E\n Retour sur la 1\u00e8re Partie *\u003C\/p\u003E\n\u003C\/blockquote\u003E\n"}