{"version":"1.0","type":"rich","provider_name":"Bouvine et Traditions","provider_url":"http:\/\/www.bouvine.info","title":"Journ\u00e9e Campera \u00e0 la Ganaderia Fr\u00e9d\u00e9rique et Alain TARDIEU\u003Cbr\u003EDimanche 26 avril 2026 - \u003Cu\u003E\u003Cspan style=\"color:#FF0000;\"\u003E1\u00e8re Partie\u003C\/span\u003E\u003C\/u\u003E","author_name":"Salva","width":"600","height":"400","url":"https:\/\/www.bouvine.info\/Journee-Campera-a-la-Ganaderia-13997","html":"\u003Ch4 class='title'\u003E\u003Ca href='https:\/\/www.bouvine.info\/Journee-Campera-a-la-Ganaderia-13997'\u003EJourn\u00e9e Campera \u00e0 la Ganaderia Fr\u00e9d\u00e9rique et Alain TARDIEU\u003Cbr\u003EDimanche 26 avril 2026 - \u003Cu\u003E\u003Cspan style=\"color:#FF0000;\"\u003E1\u00e8re Partie\u003C\/span\u003E\u003C\/u\u003E\u003C\/a\u003E\u003C\/h4\u003E\u003Cblockquote class='spip'\u003E\n\u003Cp\u003EComme pr\u00e9vu, c\u2019est le dimanche 26 avril 2026 que s\u2019est d\u00e9roul\u00e9e la Journ\u00e9e Campera de la Pe\u00f1a MANZANARES de Vauvert \u00e0 la Ganaderia Fr\u00e9d\u00e9rique et Alain TARDIEU \u00e0 la Cour des B\u0153ufs, Mas Thibert. \n\u003Cbr class='autobr' \/\u003E\nUne bonne cinquantaine d\u2019adh\u00e9rents et d\u2019amis avaient r\u00e9pondu \u00e0 l\u2019annonce de l\u2019\u00e9v\u00e9nement. Voil\u00e0 un Club qui, sans faire de bruit, augmente r\u00e9guli\u00e8rement le nombre de participants \u00e0 chaque rencontre. Sans doute la qualit\u00e9 de l\u2019accueil, des mets propos\u00e9s et des festivit\u00e9s organis\u00e9es... Par exemple, il&nbsp;(...)\u003C\/p\u003E\n\u003C\/blockquote\u003E\n"}